{"id":162,"date":"2017-12-11T11:32:46","date_gmt":"2017-12-11T11:32:46","guid":{"rendered":"https:\/\/demo.themegrill.com\/colormag-beauty-blog\/?page_id=162"},"modified":"2017-12-11T11:32:46","modified_gmt":"2017-12-11T11:32:46","slug":"lifestyle","status":"publish","type":"page","link":"http:\/\/canals.gob.ar\/index.php\/lifestyle\/","title":{"rendered":"Lifestyle"},"content":{"rendered":"\t\t<div data-elementor-type=\"wp-post\" data-elementor-id=\"162\" class=\"elementor elementor-162 elementor-bc-flex-widget\" data-elementor-settings=\"[]\">\n\t\t\t\t\t\t<div class=\"elementor-inner\">\n\t\t\t\t\t\t\t<div class=\"elementor-section-wrap\">\n\t\t\t\t\t\t\t<section class=\"elementor-section elementor-top-section elementor-element elementor-element-46adf276 elementor-section-boxed elementor-section-height-default elementor-section-height-default\" data-id=\"46adf276\" data-element_type=\"section\">\n\t\t\t\t\t\t<div class=\"elementor-container elementor-column-gap-default\">\n\t\t\t\t\t\t\t<div class=\"elementor-row\">\n\t\t\t\t\t<div class=\"elementor-column elementor-col-100 elementor-top-column elementor-element elementor-element-3ee55ff8\" data-id=\"3ee55ff8\" data-element_type=\"column\">\n\t\t\t<div class=\"elementor-column-wrap elementor-element-populated\">\n\t\t\t\t\t\t\t<div class=\"elementor-widget-wrap\">\n\t\t\t\t\t\t<div class=\"elementor-element elementor-element-739f3c6f elementor-widget elementor-widget-heading\" data-id=\"739f3c6f\" data-element_type=\"widget\" data-widget_type=\"heading.default\">\n\t\t\t\t<div class=\"elementor-widget-container\">\n\t\t\t<h2 class=\"elementor-heading-title elementor-size-default\">Life Style<\/h2>\t\t<\/div>\n\t\t\t\t<\/div>\n\t\t\t\t\t\t<\/div>\n\t\t\t\t\t<\/div>\n\t\t<\/div>\n\t\t\t\t\t\t\t\t<\/div>\n\t\t\t\t\t<\/div>\n\t\t<\/section>\n\t\t\t\t<section class=\"elementor-section elementor-top-section elementor-element elementor-element-27d1cbf elementor-section-boxed elementor-section-height-default elementor-section-height-default\" data-id=\"27d1cbf\" data-element_type=\"section\">\n\t\t\t\t\t\t<div class=\"elementor-container elementor-column-gap-default\">\n\t\t\t\t\t\t\t<div class=\"elementor-row\">\n\t\t\t\t\t<div class=\"elementor-column elementor-col-66 elementor-top-column elementor-element elementor-element-2d7ccdd7\" data-id=\"2d7ccdd7\" data-element_type=\"column\">\n\t\t\t<div class=\"elementor-column-wrap elementor-element-populated\">\n\t\t\t\t\t\t\t<div class=\"elementor-widget-wrap\">\n\t\t\t\t\t\t<div class=\"elementor-element elementor-element-10823e2d elementor-widget elementor-widget-ColorMag-Posts-Block-2\" data-id=\"10823e2d\" data-element_type=\"widget\" data-widget_type=\"ColorMag-Posts-Block-2.default\">\n\t\t\t\t<div class=\"elementor-widget-container\">\n\t\t\t\r\n\t\t<div class=\"tg-module-block tg-module-wrapper tg-module-block--style-2\">\r\n\t\t\t\r\n\t\t\t<div class=\"tg-row\">\r\n\t\t\t\t\r\n\t\t\t\t\t<div class=\"tg-col-control\">\r\n\t\t\t\t\t\t<div class=\"tg_module_block\">\r\n\t\t\t\t\t\t\t<div class=\"tg-post-categories\"><a href=\"http:\/\/canals.gob.ar\/index.php\/category\/sin-categoria\/\" style=\"background:#7c1ebf\" class=\"tg-post-category\" rel=\"category tag\">Sin categor\u00eda<\/a>&nbsp;<\/div>\r\n\t\t\t\t\t\t\t\t\t<h3 class=\"tg-module-title entry-title\">\r\n\t\t\t<a href=\"http:\/\/canals.gob.ar\/index.php\/2025\/07\/07\/mediante-ordenanza-n-1635-2025-se-ordena-la-destruccion-de-motos-secuestradas-por-infracciones-de-transito\/\">Mediante Ordenanza N\u00b0 1635\/2025 se ordena la destrucci\u00f3n de motos secuestradas por infracciones de transito<\/a>\r\n\t\t<\/h3>\r\n\t\t\r\n\t\t<div class=\"tg-module-meta\">\r\n\t\t\t\r\n\t\t\t<span class=\"tg-post-date entry-date\">\r\n\t\t\t\t<a href=\"http:\/\/canals.gob.ar\/index.php\/2025\/07\/07\/mediante-ordenanza-n-1635-2025-se-ordena-la-destruccion-de-motos-secuestradas-por-infracciones-de-transito\/\" rel=\"bookmark\"><time class=\"entry-date published\" datetime=\"2025-07-07T12:08:05+00:00\">7 de julio de 2025<\/time><time class=\"updated\" datetime=\"2025-07-07T12:09:19+00:00\">7 de julio de 2025<\/time><\/a>\t\t\t<\/span>\r\n\r\n\t\t\t<span class=\"tg-post-auther-name author vcard\">\r\n\t\t\t\t<a class=\"url fn n\" href=\"http:\/\/canals.gob.ar\/index.php\/author\/francisco\/\">Fran Bondone<\/a>\t\t\t<\/span>\r\n\r\n\t\t\t\t\t\t\t<span class=\"tg-module-comments\">\r\n\t\t\t\t\t<a href=\"http:\/\/canals.gob.ar\/index.php\/2025\/07\/07\/mediante-ordenanza-n-1635-2025-se-ordena-la-destruccion-de-motos-secuestradas-por-infracciones-de-transito\/#respond\">0<\/a>\t\t\t\t<\/span>\r\n\t\t\t\t\t<\/div>\r\n\r\n\t\t\r\n\t\t\t\t\t\t\t<div class=\"tg-expert entry-content\">\r\n\t\t\t\t\t\t\t\t<p>La normativa prev\u00e9 un plazo de 15 d\u00edas a partir de la fecha del Decreto N\u00b0 403\/2025 y asimismo tambi\u00e9n<\/p>\n\t\t\t\t\t\t\t<\/div>\r\n\r\n\t\t\t\t\t\t<\/div>\r\n\t\t\t\t\t<\/div>\r\n\r\n\t\t\t\t\t\r\n\t\t\t\t\t<div class=\"tg-col-control\">\r\n\t\t\t\t\t\t<div class=\"tg_module_block\">\r\n\t\t\t\t\t\t\t\t\t\t\t\t\t\t\t<figure class=\"tg-module-thumb\">\r\n\t\t\t\t\t\t\t\t\t\t\t<a href=\"http:\/\/canals.gob.ar\/index.php\/2023\/11\/01\/alumnos-del-ipet-canals-construyen-bancos-y-mesas-para-instituciones-y-refaccionan-sus-aulas-con-tapitas\/\" class=\"tg-thumb-link\">\r\n\t\t\t<img width=\"392\" height=\"272\" src=\"http:\/\/canals.gob.ar\/wp-content\/uploads\/2023\/11\/WhatsApp-Image-2023-11-01-at-10.19.50-392x272.jpeg\" class=\"attachment-colormag-highlighted-post size-colormag-highlighted-post wp-post-image\" alt=\"Alumnos del IPET Canals construyen bancos y mesas para instituciones y refaccionan sus aulas con tapitas\" loading=\"lazy\" srcset=\"http:\/\/canals.gob.ar\/wp-content\/uploads\/2023\/11\/WhatsApp-Image-2023-11-01-at-10.19.50-392x272.jpeg 392w, http:\/\/canals.gob.ar\/wp-content\/uploads\/2023\/11\/WhatsApp-Image-2023-11-01-at-10.19.50-130x90.jpeg 130w, http:\/\/canals.gob.ar\/wp-content\/uploads\/2023\/11\/WhatsApp-Image-2023-11-01-at-10.19.50-600x417.jpeg 600w\" sizes=\"(max-width: 392px) 100vw, 392px\" \/>\t\t<\/a>\r\n\t\t<div class=\"tg-post-categories\"><a href=\"http:\/\/canals.gob.ar\/index.php\/category\/sin-categoria\/\" style=\"background:#7c1ebf\" class=\"tg-post-category\" rel=\"category tag\">Sin categor\u00eda<\/a>&nbsp;<\/div>\t\t\t\t\t\t\t\t<\/figure>\r\n\t\t\t\t\t\t\t\t\r\n\t\t\t\t\t\t\t\t\t<h3 class=\"tg-module-title entry-title\">\r\n\t\t\t<a href=\"http:\/\/canals.gob.ar\/index.php\/2023\/11\/01\/alumnos-del-ipet-canals-construyen-bancos-y-mesas-para-instituciones-y-refaccionan-sus-aulas-con-tapitas\/\">Alumnos del IPET Canals construyen bancos y mesas para instituciones y refaccionan sus aulas con tapitas<\/a>\r\n\t\t<\/h3>\r\n\t\t\r\n\t\t<div class=\"tg-module-meta\">\r\n\t\t\t\r\n\t\t\t<span class=\"tg-post-date entry-date\">\r\n\t\t\t\t<a href=\"http:\/\/canals.gob.ar\/index.php\/2023\/11\/01\/alumnos-del-ipet-canals-construyen-bancos-y-mesas-para-instituciones-y-refaccionan-sus-aulas-con-tapitas\/\" rel=\"bookmark\"><time class=\"entry-date published\" datetime=\"2023-11-01T13:25:52+00:00\">1 de noviembre de 2023<\/time><time class=\"updated\" datetime=\"2023-11-01T13:25:54+00:00\">1 de noviembre de 2023<\/time><\/a>\t\t\t<\/span>\r\n\r\n\t\t\t<span class=\"tg-post-auther-name author vcard\">\r\n\t\t\t\t<a class=\"url fn n\" href=\"http:\/\/canals.gob.ar\/index.php\/author\/francisco\/\">Fran Bondone<\/a>\t\t\t<\/span>\r\n\r\n\t\t\t\t\t\t\t<span class=\"tg-module-comments\">\r\n\t\t\t\t\t<a href=\"http:\/\/canals.gob.ar\/index.php\/2023\/11\/01\/alumnos-del-ipet-canals-construyen-bancos-y-mesas-para-instituciones-y-refaccionan-sus-aulas-con-tapitas\/#respond\">0<\/a>\t\t\t\t<\/span>\r\n\t\t\t\t\t<\/div>\r\n\r\n\t\t\r\n\t\t\t\t\t\t\t<div class=\"tg-expert entry-content\">\r\n\t\t\t\t\t\t\t\t<p>Los alumnos del Instituto Provincial de Educaci\u00f3n T\u00e9cnica (IPET) Canals, en la provincia de C\u00f3rdoba, Argentina, llevan adelante un proyecto<\/p>\n\t\t\t\t\t\t\t<\/div>\r\n\r\n\t\t\t\t\t\t<\/div>\r\n\t\t\t\t\t<\/div>\r\n\r\n\t\t\t\t\t\r\n\t\t\t\t\t<div class=\"tg-col-control\">\r\n\t\t\t\t\t\t<div class=\"tg_module_block\">\r\n\t\t\t\t\t\t\t\t\t\t\t\t\t\t\t<figure class=\"tg-module-thumb\">\r\n\t\t\t\t\t\t\t\t\t\t\t<a href=\"http:\/\/canals.gob.ar\/index.php\/2023\/11\/01\/adultos-mayores-de-canals-la-carlota-y-pueblo-italiano-compartieron-un-inolvidable-encuentro-teatral\/\" class=\"tg-thumb-link\">\r\n\t\t\t<img width=\"392\" height=\"272\" src=\"http:\/\/canals.gob.ar\/wp-content\/uploads\/2023\/11\/WhatsApp-Image-2023-11-01-at-10.07.49-392x272.jpeg\" class=\"attachment-colormag-highlighted-post size-colormag-highlighted-post wp-post-image\" alt=\"Adultos mayores de Canals, La Carlota y Pueblo Italiano compartieron un inolvidable encuentro teatral\" loading=\"lazy\" srcset=\"http:\/\/canals.gob.ar\/wp-content\/uploads\/2023\/11\/WhatsApp-Image-2023-11-01-at-10.07.49-392x272.jpeg 392w, http:\/\/canals.gob.ar\/wp-content\/uploads\/2023\/11\/WhatsApp-Image-2023-11-01-at-10.07.49-130x90.jpeg 130w, http:\/\/canals.gob.ar\/wp-content\/uploads\/2023\/11\/WhatsApp-Image-2023-11-01-at-10.07.49-600x417.jpeg 600w\" sizes=\"(max-width: 392px) 100vw, 392px\" \/>\t\t<\/a>\r\n\t\t<div class=\"tg-post-categories\"><a href=\"http:\/\/canals.gob.ar\/index.php\/category\/sin-categoria\/\" style=\"background:#7c1ebf\" class=\"tg-post-category\" rel=\"category tag\">Sin categor\u00eda<\/a>&nbsp;<\/div>\t\t\t\t\t\t\t\t<\/figure>\r\n\t\t\t\t\t\t\t\t\r\n\t\t\t\t\t\t\t\t\t<h3 class=\"tg-module-title entry-title\">\r\n\t\t\t<a href=\"http:\/\/canals.gob.ar\/index.php\/2023\/11\/01\/adultos-mayores-de-canals-la-carlota-y-pueblo-italiano-compartieron-un-inolvidable-encuentro-teatral\/\">Adultos mayores de Canals, La Carlota y Pueblo Italiano compartieron un inolvidable encuentro teatral<\/a>\r\n\t\t<\/h3>\r\n\t\t\r\n\t\t<div class=\"tg-module-meta\">\r\n\t\t\t\r\n\t\t\t<span class=\"tg-post-date entry-date\">\r\n\t\t\t\t<a href=\"http:\/\/canals.gob.ar\/index.php\/2023\/11\/01\/adultos-mayores-de-canals-la-carlota-y-pueblo-italiano-compartieron-un-inolvidable-encuentro-teatral\/\" rel=\"bookmark\"><time class=\"entry-date published\" datetime=\"2023-11-01T13:14:36+00:00\">1 de noviembre de 2023<\/time><time class=\"updated\" datetime=\"2023-11-01T13:14:37+00:00\">1 de noviembre de 2023<\/time><\/a>\t\t\t<\/span>\r\n\r\n\t\t\t<span class=\"tg-post-auther-name author vcard\">\r\n\t\t\t\t<a class=\"url fn n\" href=\"http:\/\/canals.gob.ar\/index.php\/author\/francisco\/\">Fran Bondone<\/a>\t\t\t<\/span>\r\n\r\n\t\t\t\t\t\t\t<span class=\"tg-module-comments\">\r\n\t\t\t\t\t<a href=\"http:\/\/canals.gob.ar\/index.php\/2023\/11\/01\/adultos-mayores-de-canals-la-carlota-y-pueblo-italiano-compartieron-un-inolvidable-encuentro-teatral\/#respond\">0<\/a>\t\t\t\t<\/span>\r\n\t\t\t\t\t<\/div>\r\n\r\n\t\t\r\n\t\t\t\t\t\t\t<div class=\"tg-expert entry-content\">\r\n\t\t\t\t\t\t\t\t<p>El pasado 26 de agosto, el Centro Cultural Chiche Pfleiderer de Canals fue el escenario de un inolvidable encuentro teatral<\/p>\n\t\t\t\t\t\t\t<\/div>\r\n\r\n\t\t\t\t\t\t<\/div>\r\n\t\t\t\t\t<\/div>\r\n\r\n\t\t\t\t\t\r\n\t\t\t\t\t<div class=\"tg-col-control\">\r\n\t\t\t\t\t\t<div class=\"tg_module_block\">\r\n\t\t\t\t\t\t\t\t\t\t\t\t\t\t\t<figure class=\"tg-module-thumb\">\r\n\t\t\t\t\t\t\t\t\t\t\t<a href=\"http:\/\/canals.gob.ar\/index.php\/2023\/11\/01\/el-gobierno-provincial-llego-a-canals-y-trajo-aportes-economicos-a-clubes-y-centro-de-jubilados\/\" class=\"tg-thumb-link\">\r\n\t\t\t<img width=\"392\" height=\"272\" src=\"http:\/\/canals.gob.ar\/wp-content\/uploads\/2023\/11\/WhatsApp-Image-2023-11-01-at-10.02.20-392x272.jpeg\" class=\"attachment-colormag-highlighted-post size-colormag-highlighted-post wp-post-image\" alt=\"El Gobierno Provincial lleg\u00f3 a Canals y trajo aportes econ\u00f3micos a Clubes y Centro de Jubilados\" loading=\"lazy\" srcset=\"http:\/\/canals.gob.ar\/wp-content\/uploads\/2023\/11\/WhatsApp-Image-2023-11-01-at-10.02.20-392x272.jpeg 392w, http:\/\/canals.gob.ar\/wp-content\/uploads\/2023\/11\/WhatsApp-Image-2023-11-01-at-10.02.20-130x90.jpeg 130w, http:\/\/canals.gob.ar\/wp-content\/uploads\/2023\/11\/WhatsApp-Image-2023-11-01-at-10.02.20-600x417.jpeg 600w\" sizes=\"(max-width: 392px) 100vw, 392px\" \/>\t\t<\/a>\r\n\t\t<div class=\"tg-post-categories\"><a href=\"http:\/\/canals.gob.ar\/index.php\/category\/sin-categoria\/\" style=\"background:#7c1ebf\" class=\"tg-post-category\" rel=\"category tag\">Sin categor\u00eda<\/a>&nbsp;<\/div>\t\t\t\t\t\t\t\t<\/figure>\r\n\t\t\t\t\t\t\t\t\r\n\t\t\t\t\t\t\t\t\t<h3 class=\"tg-module-title entry-title\">\r\n\t\t\t<a href=\"http:\/\/canals.gob.ar\/index.php\/2023\/11\/01\/el-gobierno-provincial-llego-a-canals-y-trajo-aportes-economicos-a-clubes-y-centro-de-jubilados\/\">El Gobierno Provincial lleg\u00f3 a Canals y trajo aportes econ\u00f3micos a Clubes y Centro de Jubilados<\/a>\r\n\t\t<\/h3>\r\n\t\t\r\n\t\t<div class=\"tg-module-meta\">\r\n\t\t\t\r\n\t\t\t<span class=\"tg-post-date entry-date\">\r\n\t\t\t\t<a href=\"http:\/\/canals.gob.ar\/index.php\/2023\/11\/01\/el-gobierno-provincial-llego-a-canals-y-trajo-aportes-economicos-a-clubes-y-centro-de-jubilados\/\" rel=\"bookmark\"><time class=\"entry-date published\" datetime=\"2023-11-01T13:06:10+00:00\">1 de noviembre de 2023<\/time><time class=\"updated\" datetime=\"2023-11-01T13:06:11+00:00\">1 de noviembre de 2023<\/time><\/a>\t\t\t<\/span>\r\n\r\n\t\t\t<span class=\"tg-post-auther-name author vcard\">\r\n\t\t\t\t<a class=\"url fn n\" href=\"http:\/\/canals.gob.ar\/index.php\/author\/francisco\/\">Fran Bondone<\/a>\t\t\t<\/span>\r\n\r\n\t\t\t\t\t\t\t<span class=\"tg-module-comments\">\r\n\t\t\t\t\t<a href=\"http:\/\/canals.gob.ar\/index.php\/2023\/11\/01\/el-gobierno-provincial-llego-a-canals-y-trajo-aportes-economicos-a-clubes-y-centro-de-jubilados\/#respond\">0<\/a>\t\t\t\t<\/span>\r\n\t\t\t\t\t<\/div>\r\n\r\n\t\t\r\n\t\t\t\t\t\t\t<div class=\"tg-expert entry-content\">\r\n\t\t\t\t\t\t\t\t\t\t\t\t\t\t\t<\/div>\r\n\r\n\t\t\t\t\t\t<\/div>\r\n\t\t\t\t\t<\/div>\r\n\r\n\t\t\t\t\t\r\n\t\t\t\t\t<div class=\"tg-col-control\">\r\n\t\t\t\t\t\t<div class=\"tg_module_block\">\r\n\t\t\t\t\t\t\t\t\t\t\t\t\t\t\t<figure class=\"tg-module-thumb\">\r\n\t\t\t\t\t\t\t\t\t\t\t<a href=\"http:\/\/canals.gob.ar\/index.php\/2022\/10\/28\/en-solo-30-meses-hicimos-todo-esto-por-canals\/\" class=\"tg-thumb-link\">\r\n\t\t\t<img width=\"392\" height=\"272\" src=\"http:\/\/canals.gob.ar\/wp-content\/uploads\/2022\/10\/WhatsApp-Image-2022-10-28-at-12.21.33-392x272.jpeg\" class=\"attachment-colormag-highlighted-post size-colormag-highlighted-post wp-post-image\" alt=\"Canals\" loading=\"lazy\" srcset=\"http:\/\/canals.gob.ar\/wp-content\/uploads\/2022\/10\/WhatsApp-Image-2022-10-28-at-12.21.33-392x272.jpeg 392w, http:\/\/canals.gob.ar\/wp-content\/uploads\/2022\/10\/WhatsApp-Image-2022-10-28-at-12.21.33-130x90.jpeg 130w, http:\/\/canals.gob.ar\/wp-content\/uploads\/2022\/10\/WhatsApp-Image-2022-10-28-at-12.21.33-600x417.jpeg 600w\" sizes=\"(max-width: 392px) 100vw, 392px\" \/>\t\t<\/a>\r\n\t\t<div class=\"tg-post-categories\"><a href=\"http:\/\/canals.gob.ar\/index.php\/category\/noticias\/\" class=\"tg-post-category\" rel=\"category tag\">Noticias<\/a>&nbsp;<\/div>\t\t\t\t\t\t\t\t<\/figure>\r\n\t\t\t\t\t\t\t\t\r\n\t\t\t\t\t\t\t\t\t<h3 class=\"tg-module-title entry-title\">\r\n\t\t\t<a href=\"http:\/\/canals.gob.ar\/index.php\/2022\/10\/28\/en-solo-30-meses-hicimos-todo-esto-por-canals\/\">En s\u00f3lo 30 meses hicimos todo esto por Canals<\/a>\r\n\t\t<\/h3>\r\n\t\t\r\n\t\t<div class=\"tg-module-meta\">\r\n\t\t\t\r\n\t\t\t<span class=\"tg-post-date entry-date\">\r\n\t\t\t\t<a href=\"http:\/\/canals.gob.ar\/index.php\/2022\/10\/28\/en-solo-30-meses-hicimos-todo-esto-por-canals\/\" rel=\"bookmark\"><time class=\"entry-date published\" datetime=\"2022-10-28T15:25:42+00:00\">28 de octubre de 2022<\/time><time class=\"updated\" datetime=\"2022-10-28T15:25:43+00:00\">28 de octubre de 2022<\/time><\/a>\t\t\t<\/span>\r\n\r\n\t\t\t<span class=\"tg-post-auther-name author vcard\">\r\n\t\t\t\t<a class=\"url fn n\" href=\"http:\/\/canals.gob.ar\/index.php\/author\/municipalidadcanals\/\">municipalidadcanals<\/a>\t\t\t<\/span>\r\n\r\n\t\t\t\t\t\t\t<span class=\"tg-module-comments\">\r\n\t\t\t\t\t<a href=\"http:\/\/canals.gob.ar\/index.php\/2022\/10\/28\/en-solo-30-meses-hicimos-todo-esto-por-canals\/#respond\">0<\/a>\t\t\t\t<\/span>\r\n\t\t\t\t\t<\/div>\r\n\r\n\t\t\r\n\t\t\t\t\t\t\t<div class=\"tg-expert entry-content\">\r\n\t\t\t\t\t\t\t\t\t\t\t\t\t\t\t<\/div>\r\n\r\n\t\t\t\t\t\t<\/div>\r\n\t\t\t\t\t<\/div>\r\n\r\n\t\t\t\t\t\r\n\t\t\t\t\t<div class=\"tg-col-control\">\r\n\t\t\t\t\t\t<div class=\"tg_module_block\">\r\n\t\t\t\t\t\t\t\t\t\t\t\t\t\t\t<figure class=\"tg-module-thumb\">\r\n\t\t\t\t\t\t\t\t\t\t\t<a href=\"http:\/\/canals.gob.ar\/index.php\/2022\/09\/28\/un-pueblo-que-avanza-unido\/\" class=\"tg-thumb-link\">\r\n\t\t\t<img width=\"392\" height=\"272\" src=\"http:\/\/canals.gob.ar\/wp-content\/uploads\/2022\/09\/20220928_110216-392x272.jpg\" class=\"attachment-colormag-highlighted-post size-colormag-highlighted-post wp-post-image\" alt=\"\" loading=\"lazy\" srcset=\"http:\/\/canals.gob.ar\/wp-content\/uploads\/2022\/09\/20220928_110216-392x272.jpg 392w, http:\/\/canals.gob.ar\/wp-content\/uploads\/2022\/09\/20220928_110216-130x90.jpg 130w, http:\/\/canals.gob.ar\/wp-content\/uploads\/2022\/09\/20220928_110216-600x417.jpg 600w\" sizes=\"(max-width: 392px) 100vw, 392px\" \/>\t\t<\/a>\r\n\t\t<div class=\"tg-post-categories\"><a href=\"http:\/\/canals.gob.ar\/index.php\/category\/sin-categoria\/\" style=\"background:#7c1ebf\" class=\"tg-post-category\" rel=\"category tag\">Sin categor\u00eda<\/a>&nbsp;<\/div>\t\t\t\t\t\t\t\t<\/figure>\r\n\t\t\t\t\t\t\t\t\r\n\t\t\t\t\t\t\t\t\t<h3 class=\"tg-module-title entry-title\">\r\n\t\t\t<a href=\"http:\/\/canals.gob.ar\/index.php\/2022\/09\/28\/un-pueblo-que-avanza-unido\/\">Un pueblo que avanza unido<\/a>\r\n\t\t<\/h3>\r\n\t\t\r\n\t\t<div class=\"tg-module-meta\">\r\n\t\t\t\r\n\t\t\t<span class=\"tg-post-date entry-date\">\r\n\t\t\t\t<a href=\"http:\/\/canals.gob.ar\/index.php\/2022\/09\/28\/un-pueblo-que-avanza-unido\/\" rel=\"bookmark\"><time class=\"entry-date published\" datetime=\"2022-09-28T15:40:30+00:00\">28 de septiembre de 2022<\/time><time class=\"updated\" datetime=\"2022-10-28T15:14:10+00:00\">28 de octubre de 2022<\/time><\/a>\t\t\t<\/span>\r\n\r\n\t\t\t<span class=\"tg-post-auther-name author vcard\">\r\n\t\t\t\t<a class=\"url fn n\" href=\"http:\/\/canals.gob.ar\/index.php\/author\/municipalidadcanals\/\">municipalidadcanals<\/a>\t\t\t<\/span>\r\n\r\n\t\t\t\t\t\t\t<span class=\"tg-module-comments\">\r\n\t\t\t\t\t<a href=\"http:\/\/canals.gob.ar\/index.php\/2022\/09\/28\/un-pueblo-que-avanza-unido\/#respond\">0<\/a>\t\t\t\t<\/span>\r\n\t\t\t\t\t<\/div>\r\n\r\n\t\t\r\n\t\t\t\t\t\t\t<div class=\"tg-expert entry-content\">\r\n\t\t\t\t\t\t\t\t<p>Vecinas, vecinos y autoridades municipales encabezadas por el intendente Edgar Bruno trabajaron juntos en la colocaci\u00f3n de adoquinado. Trabajamos entre<\/p>\n\t\t\t\t\t\t\t<\/div>\r\n\r\n\t\t\t\t\t\t<\/div>\r\n\t\t\t\t\t<\/div>\r\n\r\n\t\t\t\t\t\t\t\t<\/div>\r\n\t\t<\/div>\r\n\r\n\t\t\t\t<\/div>\n\t\t\t\t<\/div>\n\t\t\t\t\t\t<\/div>\n\t\t\t\t\t<\/div>\n\t\t<\/div>\n\t\t\t\t<div class=\"elementor-column elementor-col-33 elementor-top-column elementor-element elementor-element-7a9dab40\" data-id=\"7a9dab40\" data-element_type=\"column\">\n\t\t\t<div class=\"elementor-column-wrap elementor-element-populated\">\n\t\t\t\t\t\t\t<div class=\"elementor-widget-wrap\">\n\t\t\t\t\t\t<div class=\"elementor-element elementor-element-6e02d676 elementor-widget elementor-widget-ColorMag-Global-Widgets-Title\" data-id=\"6e02d676\" data-element_type=\"widget\" data-widget_type=\"ColorMag-Global-Widgets-Title.default\">\n\t\t\t\t<div class=\"elementor-widget-container\">\n\t\t\t\r\n\t\t\t<div class=\"tg-module-wrapper\">\r\n\t\t\t\t\r\n\t\t<div class=\"tg-module-title-wrap\">\r\n\t\t\t<h4 class=\"module-title\">\r\n\t\t\t\t<span>Beauty Products<\/span>\r\n\t\t\t<\/h4>\r\n\t\t<\/div><!-- tg-module-title-wrap -->\r\n\r\n\t\t\t\t\t<\/div>\r\n\r\n\t\t\t\t\t<\/div>\n\t\t\t\t<\/div>\n\t\t\t\t<div class=\"elementor-element elementor-element-26ca2d10 elementor-widget elementor-widget-ColorMag-Posts-Block-6\" data-id=\"26ca2d10\" data-element_type=\"widget\" data-widget_type=\"ColorMag-Posts-Block-6.default\">\n\t\t\t\t<div class=\"elementor-widget-container\">\n\t\t\t\r\n\t\t<div class=\"tg-module-block tg-module-block--style-6 tg-module-wrapper\">\r\n\t\t\t\r\n\t\t\t<div class=\"tg-row\">\r\n\t\t\t\t\r\n\t\t\t\t\t<div class=\"tg_module_block tg_module_block--list-small tg-col-control\">\r\n\t\t\t\t\t\t\t\t\t\t\t\t\t<figure class=\"tg-module-thumb\">\r\n\t\t\t\t\t\t\t\t\t\t<a href=\"http:\/\/canals.gob.ar\/index.php\/2017\/12\/11\/miss-dior-eav-de-paefum\/\" class=\"tg-thumb-link\">\r\n\t\t\t<img width=\"130\" height=\"90\" src=\"http:\/\/canals.gob.ar\/wp-content\/uploads\/2017\/12\/jessica-weiller-130x90.jpg\" class=\"attachment-colormag-featured-post-small size-colormag-featured-post-small wp-post-image\" alt=\"\" loading=\"lazy\" srcset=\"http:\/\/canals.gob.ar\/wp-content\/uploads\/2017\/12\/jessica-weiller-130x90.jpg 130w, http:\/\/canals.gob.ar\/wp-content\/uploads\/2017\/12\/jessica-weiller-392x272.jpg 392w, http:\/\/canals.gob.ar\/wp-content\/uploads\/2017\/12\/jessica-weiller-600x417.jpg 600w\" sizes=\"(max-width: 130px) 100vw, 130px\" \/>\t\t<\/a>\r\n\t\t\t\t\t\t\t\t\t<\/figure>\r\n\t\t\t\t\t\t\r\n\t\t\t\t\t\t<div class=\"tg-module-info\">\r\n\t\t\t\t\t\t\t\t\t<h3 class=\"tg-module-title entry-title\">\r\n\t\t\t<a href=\"http:\/\/canals.gob.ar\/index.php\/2017\/12\/11\/miss-dior-eav-de-paefum\/\">Miss Dior Eav De Paefum<\/a>\r\n\t\t<\/h3>\r\n\t\t\r\n\t\t<div class=\"tg-module-meta\">\r\n\t\t\t\r\n\t\t\t<span class=\"tg-post-date entry-date\">\r\n\t\t\t\t<a href=\"http:\/\/canals.gob.ar\/index.php\/2017\/12\/11\/miss-dior-eav-de-paefum\/\" rel=\"bookmark\"><time class=\"entry-date published updated\" datetime=\"2017-12-11T08:30:26+00:00\">11 de diciembre de 2017<\/time><\/a>\t\t\t<\/span>\r\n\r\n\t\t\t<span class=\"tg-post-auther-name author vcard\">\r\n\t\t\t\t<a class=\"url fn n\" href=\"http:\/\/canals.gob.ar\/index.php\/author\/municipalidadcanals\/\">municipalidadcanals<\/a>\t\t\t<\/span>\r\n\r\n\t\t\t\t\t<\/div>\r\n\r\n\t\t\t\t\t\t\t\t<\/div>\r\n\t\t\t\t\t<\/div>\r\n\t\t\t\t\t\r\n\t\t\t\t\t<div class=\"tg_module_block tg_module_block--list-small tg-col-control\">\r\n\t\t\t\t\t\t\t\t\t\t\t\t\t<figure class=\"tg-module-thumb\">\r\n\t\t\t\t\t\t\t\t\t\t<a href=\"http:\/\/canals.gob.ar\/index.php\/2017\/12\/11\/lavender-products-and-all-of-its-glorious-benefits\/\" class=\"tg-thumb-link\">\r\n\t\t\t<img width=\"130\" height=\"90\" src=\"http:\/\/canals.gob.ar\/wp-content\/uploads\/2017\/12\/lavender-130x90.jpg\" class=\"attachment-colormag-featured-post-small size-colormag-featured-post-small wp-post-image\" alt=\"\" loading=\"lazy\" srcset=\"http:\/\/canals.gob.ar\/wp-content\/uploads\/2017\/12\/lavender-130x90.jpg 130w, http:\/\/canals.gob.ar\/wp-content\/uploads\/2017\/12\/lavender-392x272.jpg 392w, http:\/\/canals.gob.ar\/wp-content\/uploads\/2017\/12\/lavender-600x417.jpg 600w\" sizes=\"(max-width: 130px) 100vw, 130px\" \/>\t\t<\/a>\r\n\t\t\t\t\t\t\t\t\t<\/figure>\r\n\t\t\t\t\t\t\r\n\t\t\t\t\t\t<div class=\"tg-module-info\">\r\n\t\t\t\t\t\t\t\t\t<h3 class=\"tg-module-title entry-title\">\r\n\t\t\t<a href=\"http:\/\/canals.gob.ar\/index.php\/2017\/12\/11\/lavender-products-and-all-of-its-glorious-benefits\/\">Lavender Products And All of Its Glorious Benefits<\/a>\r\n\t\t<\/h3>\r\n\t\t\r\n\t\t<div class=\"tg-module-meta\">\r\n\t\t\t\r\n\t\t\t<span class=\"tg-post-date entry-date\">\r\n\t\t\t\t<a href=\"http:\/\/canals.gob.ar\/index.php\/2017\/12\/11\/lavender-products-and-all-of-its-glorious-benefits\/\" rel=\"bookmark\"><time class=\"entry-date published updated\" datetime=\"2017-12-11T08:21:03+00:00\">11 de diciembre de 2017<\/time><\/a>\t\t\t<\/span>\r\n\r\n\t\t\t<span class=\"tg-post-auther-name author vcard\">\r\n\t\t\t\t<a class=\"url fn n\" href=\"http:\/\/canals.gob.ar\/index.php\/author\/municipalidadcanals\/\">municipalidadcanals<\/a>\t\t\t<\/span>\r\n\r\n\t\t\t\t\t<\/div>\r\n\r\n\t\t\t\t\t\t\t\t<\/div>\r\n\t\t\t\t\t<\/div>\r\n\t\t\t\t\t\r\n\t\t\t\t\t<div class=\"tg_module_block tg_module_block--list-small tg-col-control\">\r\n\t\t\t\t\t\t\t\t\t\t\t\t\t<figure class=\"tg-module-thumb\">\r\n\t\t\t\t\t\t\t\t\t\t<a href=\"http:\/\/canals.gob.ar\/index.php\/2017\/12\/11\/the-best-blushers-of-all-time\/\" class=\"tg-thumb-link\">\r\n\t\t\t<img width=\"130\" height=\"90\" src=\"http:\/\/canals.gob.ar\/wp-content\/uploads\/2017\/12\/blush-130x90.jpg\" class=\"attachment-colormag-featured-post-small size-colormag-featured-post-small wp-post-image\" alt=\"\" loading=\"lazy\" srcset=\"http:\/\/canals.gob.ar\/wp-content\/uploads\/2017\/12\/blush-130x90.jpg 130w, http:\/\/canals.gob.ar\/wp-content\/uploads\/2017\/12\/blush-392x272.jpg 392w, http:\/\/canals.gob.ar\/wp-content\/uploads\/2017\/12\/blush-600x417.jpg 600w\" sizes=\"(max-width: 130px) 100vw, 130px\" \/>\t\t<\/a>\r\n\t\t\t\t\t\t\t\t\t<\/figure>\r\n\t\t\t\t\t\t\r\n\t\t\t\t\t\t<div class=\"tg-module-info\">\r\n\t\t\t\t\t\t\t\t\t<h3 class=\"tg-module-title entry-title\">\r\n\t\t\t<a href=\"http:\/\/canals.gob.ar\/index.php\/2017\/12\/11\/the-best-blushers-of-all-time\/\">The Best Blushers of All Time<\/a>\r\n\t\t<\/h3>\r\n\t\t\r\n\t\t<div class=\"tg-module-meta\">\r\n\t\t\t\r\n\t\t\t<span class=\"tg-post-date entry-date\">\r\n\t\t\t\t<a href=\"http:\/\/canals.gob.ar\/index.php\/2017\/12\/11\/the-best-blushers-of-all-time\/\" rel=\"bookmark\"><time class=\"entry-date published updated\" datetime=\"2017-12-11T07:13:01+00:00\">11 de diciembre de 2017<\/time><\/a>\t\t\t<\/span>\r\n\r\n\t\t\t<span class=\"tg-post-auther-name author vcard\">\r\n\t\t\t\t<a class=\"url fn n\" href=\"http:\/\/canals.gob.ar\/index.php\/author\/municipalidadcanals\/\">municipalidadcanals<\/a>\t\t\t<\/span>\r\n\r\n\t\t\t\t\t<\/div>\r\n\r\n\t\t\t\t\t\t\t\t<\/div>\r\n\t\t\t\t\t<\/div>\r\n\t\t\t\t\t\r\n\t\t\t\t\t<div class=\"tg_module_block tg_module_block--list-small tg-col-control\">\r\n\t\t\t\t\t\t\t\t\t\t\t\t\t<figure class=\"tg-module-thumb\">\r\n\t\t\t\t\t\t\t\t\t\t<a href=\"http:\/\/canals.gob.ar\/index.php\/2017\/12\/11\/the-best-fall-fragrances\/\" class=\"tg-thumb-link\">\r\n\t\t\t<img width=\"130\" height=\"90\" src=\"http:\/\/canals.gob.ar\/wp-content\/uploads\/2017\/12\/perfume-130x90.jpg\" class=\"attachment-colormag-featured-post-small size-colormag-featured-post-small wp-post-image\" alt=\"\" loading=\"lazy\" srcset=\"http:\/\/canals.gob.ar\/wp-content\/uploads\/2017\/12\/perfume-130x90.jpg 130w, http:\/\/canals.gob.ar\/wp-content\/uploads\/2017\/12\/perfume-392x272.jpg 392w, http:\/\/canals.gob.ar\/wp-content\/uploads\/2017\/12\/perfume-600x417.jpg 600w\" sizes=\"(max-width: 130px) 100vw, 130px\" \/>\t\t<\/a>\r\n\t\t\t\t\t\t\t\t\t<\/figure>\r\n\t\t\t\t\t\t\r\n\t\t\t\t\t\t<div class=\"tg-module-info\">\r\n\t\t\t\t\t\t\t\t\t<h3 class=\"tg-module-title entry-title\">\r\n\t\t\t<a href=\"http:\/\/canals.gob.ar\/index.php\/2017\/12\/11\/the-best-fall-fragrances\/\">The Best Fall Fragrances<\/a>\r\n\t\t<\/h3>\r\n\t\t\r\n\t\t<div class=\"tg-module-meta\">\r\n\t\t\t\r\n\t\t\t<span class=\"tg-post-date entry-date\">\r\n\t\t\t\t<a href=\"http:\/\/canals.gob.ar\/index.php\/2017\/12\/11\/the-best-fall-fragrances\/\" rel=\"bookmark\"><time class=\"entry-date published updated\" datetime=\"2017-12-11T07:04:03+00:00\">11 de diciembre de 2017<\/time><\/a>\t\t\t<\/span>\r\n\r\n\t\t\t<span class=\"tg-post-auther-name author vcard\">\r\n\t\t\t\t<a class=\"url fn n\" href=\"http:\/\/canals.gob.ar\/index.php\/author\/municipalidadcanals\/\">municipalidadcanals<\/a>\t\t\t<\/span>\r\n\r\n\t\t\t\t\t<\/div>\r\n\r\n\t\t\t\t\t\t\t\t<\/div>\r\n\t\t\t\t\t<\/div>\r\n\t\t\t\t\t\t\t\t<\/div>\r\n\t\t<\/div>\r\n\r\n\t\t\t\t<\/div>\n\t\t\t\t<\/div>\n\t\t\t\t<div class=\"elementor-element elementor-element-a6f1b12 elementor-widget elementor-widget-ColorMag-Global-Widgets-Title\" data-id=\"a6f1b12\" data-element_type=\"widget\" data-widget_type=\"ColorMag-Global-Widgets-Title.default\">\n\t\t\t\t<div class=\"elementor-widget-container\">\n\t\t\t\r\n\t\t\t<div class=\"tg-module-wrapper\">\r\n\t\t\t\t\r\n\t\t<div class=\"tg-module-title-wrap\">\r\n\t\t\t<h4 class=\"module-title\">\r\n\t\t\t\t<span>Food<\/span>\r\n\t\t\t<\/h4>\r\n\t\t<\/div><!-- tg-module-title-wrap -->\r\n\r\n\t\t\t\t\t<\/div>\r\n\r\n\t\t\t\t\t<\/div>\n\t\t\t\t<\/div>\n\t\t\t\t<div class=\"elementor-element elementor-element-60deba08 elementor-widget elementor-widget-ColorMag-Posts-Block-6\" data-id=\"60deba08\" data-element_type=\"widget\" data-widget_type=\"ColorMag-Posts-Block-6.default\">\n\t\t\t\t<div class=\"elementor-widget-container\">\n\t\t\t\r\n\t\t<div class=\"tg-module-block tg-module-block--style-6 tg-module-wrapper\">\r\n\t\t\t\r\n\t\t\t<div class=\"tg-row\">\r\n\t\t\t\t\r\n\t\t\t\t\t<div class=\"tg_module_block tg_module_block--list-small tg-col-control\">\r\n\t\t\t\t\t\t\t\t\t\t\t\t\t<figure class=\"tg-module-thumb\">\r\n\t\t\t\t\t\t\t\t\t\t<a href=\"http:\/\/canals.gob.ar\/index.php\/2017\/12\/11\/healthy-foods-to-eat-everyday\/\" class=\"tg-thumb-link\">\r\n\t\t\t<img width=\"130\" height=\"90\" src=\"http:\/\/canals.gob.ar\/wp-content\/uploads\/2017\/12\/brenda-godinez-130x90.jpg\" class=\"attachment-colormag-featured-post-small size-colormag-featured-post-small wp-post-image\" alt=\"\" loading=\"lazy\" srcset=\"http:\/\/canals.gob.ar\/wp-content\/uploads\/2017\/12\/brenda-godinez-130x90.jpg 130w, http:\/\/canals.gob.ar\/wp-content\/uploads\/2017\/12\/brenda-godinez-392x272.jpg 392w, http:\/\/canals.gob.ar\/wp-content\/uploads\/2017\/12\/brenda-godinez-600x417.jpg 600w\" sizes=\"(max-width: 130px) 100vw, 130px\" \/>\t\t<\/a>\r\n\t\t\t\t\t\t\t\t\t<\/figure>\r\n\t\t\t\t\t\t\r\n\t\t\t\t\t\t<div class=\"tg-module-info\">\r\n\t\t\t\t\t\t\t\t\t<h3 class=\"tg-module-title entry-title\">\r\n\t\t\t<a href=\"http:\/\/canals.gob.ar\/index.php\/2017\/12\/11\/healthy-foods-to-eat-everyday\/\">Healthy Foods To Eat Everyday<\/a>\r\n\t\t<\/h3>\r\n\t\t\r\n\t\t<div class=\"tg-module-meta\">\r\n\t\t\t\r\n\t\t\t<span class=\"tg-post-date entry-date\">\r\n\t\t\t\t<a href=\"http:\/\/canals.gob.ar\/index.php\/2017\/12\/11\/healthy-foods-to-eat-everyday\/\" rel=\"bookmark\"><time class=\"entry-date published updated\" datetime=\"2017-12-11T09:31:43+00:00\">11 de diciembre de 2017<\/time><\/a>\t\t\t<\/span>\r\n\r\n\t\t\t<span class=\"tg-post-auther-name author vcard\">\r\n\t\t\t\t<a class=\"url fn n\" href=\"http:\/\/canals.gob.ar\/index.php\/author\/municipalidadcanals\/\">municipalidadcanals<\/a>\t\t\t<\/span>\r\n\r\n\t\t\t\t\t<\/div>\r\n\r\n\t\t\t\t\t\t\t\t<\/div>\r\n\t\t\t\t\t<\/div>\r\n\t\t\t\t\t\r\n\t\t\t\t\t<div class=\"tg_module_block tg_module_block--list-small tg-col-control\">\r\n\t\t\t\t\t\t\t\t\t\t\t\t\t<figure class=\"tg-module-thumb\">\r\n\t\t\t\t\t\t\t\t\t\t<a href=\"http:\/\/canals.gob.ar\/index.php\/2017\/12\/11\/foods-that-keep-you-awake-at-night\/\" class=\"tg-thumb-link\">\r\n\t\t\t<img width=\"130\" height=\"90\" src=\"http:\/\/canals.gob.ar\/wp-content\/uploads\/2017\/12\/honey-130x90.jpg\" class=\"attachment-colormag-featured-post-small size-colormag-featured-post-small wp-post-image\" alt=\"\" loading=\"lazy\" srcset=\"http:\/\/canals.gob.ar\/wp-content\/uploads\/2017\/12\/honey-130x90.jpg 130w, http:\/\/canals.gob.ar\/wp-content\/uploads\/2017\/12\/honey-392x272.jpg 392w, http:\/\/canals.gob.ar\/wp-content\/uploads\/2017\/12\/honey-600x417.jpg 600w\" sizes=\"(max-width: 130px) 100vw, 130px\" \/>\t\t<\/a>\r\n\t\t\t\t\t\t\t\t\t<\/figure>\r\n\t\t\t\t\t\t\r\n\t\t\t\t\t\t<div class=\"tg-module-info\">\r\n\t\t\t\t\t\t\t\t\t<h3 class=\"tg-module-title entry-title\">\r\n\t\t\t<a href=\"http:\/\/canals.gob.ar\/index.php\/2017\/12\/11\/foods-that-keep-you-awake-at-night\/\">Foods That Keep You Awake at Night<\/a>\r\n\t\t<\/h3>\r\n\t\t\r\n\t\t<div class=\"tg-module-meta\">\r\n\t\t\t\r\n\t\t\t<span class=\"tg-post-date entry-date\">\r\n\t\t\t\t<a href=\"http:\/\/canals.gob.ar\/index.php\/2017\/12\/11\/foods-that-keep-you-awake-at-night\/\" rel=\"bookmark\"><time class=\"entry-date published updated\" datetime=\"2017-12-11T09:29:14+00:00\">11 de diciembre de 2017<\/time><\/a>\t\t\t<\/span>\r\n\r\n\t\t\t<span class=\"tg-post-auther-name author vcard\">\r\n\t\t\t\t<a class=\"url fn n\" href=\"http:\/\/canals.gob.ar\/index.php\/author\/municipalidadcanals\/\">municipalidadcanals<\/a>\t\t\t<\/span>\r\n\r\n\t\t\t\t\t<\/div>\r\n\r\n\t\t\t\t\t\t\t\t<\/div>\r\n\t\t\t\t\t<\/div>\r\n\t\t\t\t\t\r\n\t\t\t\t\t<div class=\"tg_module_block tg_module_block--list-small tg-col-control\">\r\n\t\t\t\t\t\t\t\t\t\t\t\t\t<figure class=\"tg-module-thumb\">\r\n\t\t\t\t\t\t\t\t\t\t<a href=\"http:\/\/canals.gob.ar\/index.php\/2017\/12\/11\/10-nutrition-mistakes-vegans-make\/\" class=\"tg-thumb-link\">\r\n\t\t\t<img width=\"130\" height=\"90\" src=\"http:\/\/canals.gob.ar\/wp-content\/uploads\/2017\/12\/brooke-lark-130x90.jpg\" class=\"attachment-colormag-featured-post-small size-colormag-featured-post-small wp-post-image\" alt=\"\" loading=\"lazy\" srcset=\"http:\/\/canals.gob.ar\/wp-content\/uploads\/2017\/12\/brooke-lark-130x90.jpg 130w, http:\/\/canals.gob.ar\/wp-content\/uploads\/2017\/12\/brooke-lark-392x272.jpg 392w, http:\/\/canals.gob.ar\/wp-content\/uploads\/2017\/12\/brooke-lark-600x417.jpg 600w\" sizes=\"(max-width: 130px) 100vw, 130px\" \/>\t\t<\/a>\r\n\t\t\t\t\t\t\t\t\t<\/figure>\r\n\t\t\t\t\t\t\r\n\t\t\t\t\t\t<div class=\"tg-module-info\">\r\n\t\t\t\t\t\t\t\t\t<h3 class=\"tg-module-title entry-title\">\r\n\t\t\t<a href=\"http:\/\/canals.gob.ar\/index.php\/2017\/12\/11\/10-nutrition-mistakes-vegans-make\/\">10 Nutrition Mistakes Vegans Make<\/a>\r\n\t\t<\/h3>\r\n\t\t\r\n\t\t<div class=\"tg-module-meta\">\r\n\t\t\t\r\n\t\t\t<span class=\"tg-post-date entry-date\">\r\n\t\t\t\t<a href=\"http:\/\/canals.gob.ar\/index.php\/2017\/12\/11\/10-nutrition-mistakes-vegans-make\/\" rel=\"bookmark\"><time class=\"entry-date published updated\" datetime=\"2017-12-11T07:16:16+00:00\">11 de diciembre de 2017<\/time><\/a>\t\t\t<\/span>\r\n\r\n\t\t\t<span class=\"tg-post-auther-name author vcard\">\r\n\t\t\t\t<a class=\"url fn n\" href=\"http:\/\/canals.gob.ar\/index.php\/author\/municipalidadcanals\/\">municipalidadcanals<\/a>\t\t\t<\/span>\r\n\r\n\t\t\t\t\t<\/div>\r\n\r\n\t\t\t\t\t\t\t\t<\/div>\r\n\t\t\t\t\t<\/div>\r\n\t\t\t\t\t\r\n\t\t\t\t\t<div class=\"tg_module_block tg_module_block--list-small tg-col-control\">\r\n\t\t\t\t\t\t\t\t\t\t\t\t\t<figure class=\"tg-module-thumb\">\r\n\t\t\t\t\t\t\t\t\t\t<a href=\"http:\/\/canals.gob.ar\/index.php\/2017\/12\/11\/health-benefits-of-drinking-warm-lemon-water\/\" class=\"tg-thumb-link\">\r\n\t\t\t<img width=\"130\" height=\"90\" src=\"http:\/\/canals.gob.ar\/wp-content\/uploads\/2017\/12\/freestocks-org-1-130x90.jpg\" class=\"attachment-colormag-featured-post-small size-colormag-featured-post-small wp-post-image\" alt=\"\" loading=\"lazy\" srcset=\"http:\/\/canals.gob.ar\/wp-content\/uploads\/2017\/12\/freestocks-org-1-130x90.jpg 130w, http:\/\/canals.gob.ar\/wp-content\/uploads\/2017\/12\/freestocks-org-1-392x272.jpg 392w, http:\/\/canals.gob.ar\/wp-content\/uploads\/2017\/12\/freestocks-org-1-600x417.jpg 600w\" sizes=\"(max-width: 130px) 100vw, 130px\" \/>\t\t<\/a>\r\n\t\t\t\t\t\t\t\t\t<\/figure>\r\n\t\t\t\t\t\t\r\n\t\t\t\t\t\t<div class=\"tg-module-info\">\r\n\t\t\t\t\t\t\t\t\t<h3 class=\"tg-module-title entry-title\">\r\n\t\t\t<a href=\"http:\/\/canals.gob.ar\/index.php\/2017\/12\/11\/health-benefits-of-drinking-warm-lemon-water\/\">Health Benefits Of Drinking Warm Lemon Water<\/a>\r\n\t\t<\/h3>\r\n\t\t\r\n\t\t<div class=\"tg-module-meta\">\r\n\t\t\t\r\n\t\t\t<span class=\"tg-post-date entry-date\">\r\n\t\t\t\t<a href=\"http:\/\/canals.gob.ar\/index.php\/2017\/12\/11\/health-benefits-of-drinking-warm-lemon-water\/\" rel=\"bookmark\"><time class=\"entry-date published updated\" datetime=\"2017-12-11T07:05:23+00:00\">11 de diciembre de 2017<\/time><\/a>\t\t\t<\/span>\r\n\r\n\t\t\t<span class=\"tg-post-auther-name author vcard\">\r\n\t\t\t\t<a class=\"url fn n\" href=\"http:\/\/canals.gob.ar\/index.php\/author\/municipalidadcanals\/\">municipalidadcanals<\/a>\t\t\t<\/span>\r\n\r\n\t\t\t\t\t<\/div>\r\n\r\n\t\t\t\t\t\t\t\t<\/div>\r\n\t\t\t\t\t<\/div>\r\n\t\t\t\t\t\t\t\t<\/div>\r\n\t\t<\/div>\r\n\r\n\t\t\t\t<\/div>\n\t\t\t\t<\/div>\n\t\t\t\t<div class=\"elementor-element elementor-element-481f9bfc elementor-widget elementor-widget-ColorMag-Global-Widgets-Title\" data-id=\"481f9bfc\" data-element_type=\"widget\" data-widget_type=\"ColorMag-Global-Widgets-Title.default\">\n\t\t\t\t<div class=\"elementor-widget-container\">\n\t\t\t\r\n\t\t\t<div class=\"tg-module-wrapper\">\r\n\t\t\t\t\r\n\t\t<div class=\"tg-module-title-wrap\">\r\n\t\t\t<h4 class=\"module-title\">\r\n\t\t\t\t<span>Trending<\/span>\r\n\t\t\t<\/h4>\r\n\t\t<\/div><!-- tg-module-title-wrap -->\r\n\r\n\t\t\t\t\t<\/div>\r\n\r\n\t\t\t\t\t<\/div>\n\t\t\t\t<\/div>\n\t\t\t\t<div class=\"elementor-element elementor-element-578bcecd elementor-widget elementor-widget-ColorMag-Posts-Block-6\" data-id=\"578bcecd\" data-element_type=\"widget\" data-widget_type=\"ColorMag-Posts-Block-6.default\">\n\t\t\t\t<div class=\"elementor-widget-container\">\n\t\t\t\r\n\t\t<div class=\"tg-module-block tg-module-block--style-6 tg-module-wrapper\">\r\n\t\t\t\r\n\t\t\t<div class=\"tg-row\">\r\n\t\t\t\t\r\n\t\t\t\t\t<div class=\"tg_module_block tg_module_block--list-small tg-col-control\">\r\n\t\t\t\t\t\t\t\t\t\t\t\t\t<figure class=\"tg-module-thumb\">\r\n\t\t\t\t\t\t\t\t\t\t<a href=\"http:\/\/canals.gob.ar\/index.php\/2017\/12\/11\/how-to-make-hazel-eyes-pop\/\" class=\"tg-thumb-link\">\r\n\t\t\t<img width=\"130\" height=\"90\" src=\"http:\/\/canals.gob.ar\/wp-content\/uploads\/2017\/12\/people-2597437_1920-130x90.jpg\" class=\"attachment-colormag-featured-post-small size-colormag-featured-post-small wp-post-image\" alt=\"\" loading=\"lazy\" srcset=\"http:\/\/canals.gob.ar\/wp-content\/uploads\/2017\/12\/people-2597437_1920-130x90.jpg 130w, http:\/\/canals.gob.ar\/wp-content\/uploads\/2017\/12\/people-2597437_1920-392x272.jpg 392w, http:\/\/canals.gob.ar\/wp-content\/uploads\/2017\/12\/people-2597437_1920-600x417.jpg 600w\" sizes=\"(max-width: 130px) 100vw, 130px\" \/>\t\t<\/a>\r\n\t\t\t\t\t\t\t\t\t<\/figure>\r\n\t\t\t\t\t\t\r\n\t\t\t\t\t\t<div class=\"tg-module-info\">\r\n\t\t\t\t\t\t\t\t\t<h3 class=\"tg-module-title entry-title\">\r\n\t\t\t<a href=\"http:\/\/canals.gob.ar\/index.php\/2017\/12\/11\/how-to-make-hazel-eyes-pop\/\">Top Bridal Trends Of 2017<\/a>\r\n\t\t<\/h3>\r\n\t\t\r\n\t\t<div class=\"tg-module-meta\">\r\n\t\t\t\r\n\t\t\t<span class=\"tg-post-date entry-date\">\r\n\t\t\t\t<a href=\"http:\/\/canals.gob.ar\/index.php\/2017\/12\/11\/how-to-make-hazel-eyes-pop\/\" rel=\"bookmark\"><time class=\"entry-date published updated\" datetime=\"2017-12-11T14:44:46+00:00\">11 de diciembre de 2017<\/time><\/a>\t\t\t<\/span>\r\n\r\n\t\t\t<span class=\"tg-post-auther-name author vcard\">\r\n\t\t\t\t<a class=\"url fn n\" href=\"http:\/\/canals.gob.ar\/index.php\/author\/municipalidadcanals\/\">municipalidadcanals<\/a>\t\t\t<\/span>\r\n\r\n\t\t\t\t\t<\/div>\r\n\r\n\t\t\t\t\t\t\t\t<\/div>\r\n\t\t\t\t\t<\/div>\r\n\t\t\t\t\t\r\n\t\t\t\t\t<div class=\"tg_module_block tg_module_block--list-small tg-col-control\">\r\n\t\t\t\t\t\t\t\t\t\t\t\t\t<figure class=\"tg-module-thumb\">\r\n\t\t\t\t\t\t\t\t\t\t<a href=\"http:\/\/canals.gob.ar\/index.php\/2017\/12\/11\/makeup-tips-for-a-natural-look\/\" class=\"tg-thumb-link\">\r\n\t\t\t<img width=\"130\" height=\"90\" src=\"http:\/\/canals.gob.ar\/wp-content\/uploads\/2017\/12\/pete-bellis-130x90.jpg\" class=\"attachment-colormag-featured-post-small size-colormag-featured-post-small wp-post-image\" alt=\"\" loading=\"lazy\" srcset=\"http:\/\/canals.gob.ar\/wp-content\/uploads\/2017\/12\/pete-bellis-130x90.jpg 130w, http:\/\/canals.gob.ar\/wp-content\/uploads\/2017\/12\/pete-bellis-392x272.jpg 392w, http:\/\/canals.gob.ar\/wp-content\/uploads\/2017\/12\/pete-bellis-600x417.jpg 600w\" sizes=\"(max-width: 130px) 100vw, 130px\" \/>\t\t<\/a>\r\n\t\t\t\t\t\t\t\t\t<\/figure>\r\n\t\t\t\t\t\t\r\n\t\t\t\t\t\t<div class=\"tg-module-info\">\r\n\t\t\t\t\t\t\t\t\t<h3 class=\"tg-module-title entry-title\">\r\n\t\t\t<a href=\"http:\/\/canals.gob.ar\/index.php\/2017\/12\/11\/makeup-tips-for-a-natural-look\/\">Makeup Tips for a Natural Look<\/a>\r\n\t\t<\/h3>\r\n\t\t\r\n\t\t<div class=\"tg-module-meta\">\r\n\t\t\t\r\n\t\t\t<span class=\"tg-post-date entry-date\">\r\n\t\t\t\t<a href=\"http:\/\/canals.gob.ar\/index.php\/2017\/12\/11\/makeup-tips-for-a-natural-look\/\" rel=\"bookmark\"><time class=\"entry-date published updated\" datetime=\"2017-12-11T09:16:33+00:00\">11 de diciembre de 2017<\/time><\/a>\t\t\t<\/span>\r\n\r\n\t\t\t<span class=\"tg-post-auther-name author vcard\">\r\n\t\t\t\t<a class=\"url fn n\" href=\"http:\/\/canals.gob.ar\/index.php\/author\/municipalidadcanals\/\">municipalidadcanals<\/a>\t\t\t<\/span>\r\n\r\n\t\t\t\t\t<\/div>\r\n\r\n\t\t\t\t\t\t\t\t<\/div>\r\n\t\t\t\t\t<\/div>\r\n\t\t\t\t\t\r\n\t\t\t\t\t<div class=\"tg_module_block tg_module_block--list-small tg-col-control\">\r\n\t\t\t\t\t\t\t\t\t\t\t\t\t<figure class=\"tg-module-thumb\">\r\n\t\t\t\t\t\t\t\t\t\t<a href=\"http:\/\/canals.gob.ar\/index.php\/2017\/12\/11\/9-body-moisturizers-for-every-winter-skincare-need\/\" class=\"tg-thumb-link\">\r\n\t\t\t<img width=\"130\" height=\"90\" src=\"http:\/\/canals.gob.ar\/wp-content\/uploads\/2017\/12\/cream-194126_1920-130x90.jpg\" class=\"attachment-colormag-featured-post-small size-colormag-featured-post-small wp-post-image\" alt=\"\" loading=\"lazy\" srcset=\"http:\/\/canals.gob.ar\/wp-content\/uploads\/2017\/12\/cream-194126_1920-130x90.jpg 130w, http:\/\/canals.gob.ar\/wp-content\/uploads\/2017\/12\/cream-194126_1920-392x272.jpg 392w, http:\/\/canals.gob.ar\/wp-content\/uploads\/2017\/12\/cream-194126_1920-600x417.jpg 600w\" sizes=\"(max-width: 130px) 100vw, 130px\" \/>\t\t<\/a>\r\n\t\t\t\t\t\t\t\t\t<\/figure>\r\n\t\t\t\t\t\t\r\n\t\t\t\t\t\t<div class=\"tg-module-info\">\r\n\t\t\t\t\t\t\t\t\t<h3 class=\"tg-module-title entry-title\">\r\n\t\t\t<a href=\"http:\/\/canals.gob.ar\/index.php\/2017\/12\/11\/9-body-moisturizers-for-every-winter-skincare-need\/\">9 Body Moisturizers for Every Winter Skincare Need<\/a>\r\n\t\t<\/h3>\r\n\t\t\r\n\t\t<div class=\"tg-module-meta\">\r\n\t\t\t\r\n\t\t\t<span class=\"tg-post-date entry-date\">\r\n\t\t\t\t<a href=\"http:\/\/canals.gob.ar\/index.php\/2017\/12\/11\/9-body-moisturizers-for-every-winter-skincare-need\/\" rel=\"bookmark\"><time class=\"entry-date published updated\" datetime=\"2017-12-11T08:33:18+00:00\">11 de diciembre de 2017<\/time><\/a>\t\t\t<\/span>\r\n\r\n\t\t\t<span class=\"tg-post-auther-name author vcard\">\r\n\t\t\t\t<a class=\"url fn n\" href=\"http:\/\/canals.gob.ar\/index.php\/author\/municipalidadcanals\/\">municipalidadcanals<\/a>\t\t\t<\/span>\r\n\r\n\t\t\t\t\t<\/div>\r\n\r\n\t\t\t\t\t\t\t\t<\/div>\r\n\t\t\t\t\t<\/div>\r\n\t\t\t\t\t\r\n\t\t\t\t\t<div class=\"tg_module_block tg_module_block--list-small tg-col-control\">\r\n\t\t\t\t\t\t\t\t\t\t\t\t\t<figure class=\"tg-module-thumb\">\r\n\t\t\t\t\t\t\t\t\t\t<a href=\"http:\/\/canals.gob.ar\/index.php\/2017\/12\/11\/black-mask-for-acne-problem\/\" class=\"tg-thumb-link\">\r\n\t\t\t<img width=\"130\" height=\"90\" src=\"http:\/\/canals.gob.ar\/wp-content\/uploads\/2017\/12\/face-mask-130x90.jpg\" class=\"attachment-colormag-featured-post-small size-colormag-featured-post-small wp-post-image\" alt=\"\" loading=\"lazy\" srcset=\"http:\/\/canals.gob.ar\/wp-content\/uploads\/2017\/12\/face-mask-130x90.jpg 130w, http:\/\/canals.gob.ar\/wp-content\/uploads\/2017\/12\/face-mask-392x272.jpg 392w, http:\/\/canals.gob.ar\/wp-content\/uploads\/2017\/12\/face-mask-600x417.jpg 600w\" sizes=\"(max-width: 130px) 100vw, 130px\" \/>\t\t<\/a>\r\n\t\t\t\t\t\t\t\t\t<\/figure>\r\n\t\t\t\t\t\t\r\n\t\t\t\t\t\t<div class=\"tg-module-info\">\r\n\t\t\t\t\t\t\t\t\t<h3 class=\"tg-module-title entry-title\">\r\n\t\t\t<a href=\"http:\/\/canals.gob.ar\/index.php\/2017\/12\/11\/black-mask-for-acne-problem\/\">Black Mask For Acne Problem<\/a>\r\n\t\t<\/h3>\r\n\t\t\r\n\t\t<div class=\"tg-module-meta\">\r\n\t\t\t\r\n\t\t\t<span class=\"tg-post-date entry-date\">\r\n\t\t\t\t<a href=\"http:\/\/canals.gob.ar\/index.php\/2017\/12\/11\/black-mask-for-acne-problem\/\" rel=\"bookmark\"><time class=\"entry-date published updated\" datetime=\"2017-12-11T08:22:01+00:00\">11 de diciembre de 2017<\/time><\/a>\t\t\t<\/span>\r\n\r\n\t\t\t<span class=\"tg-post-auther-name author vcard\">\r\n\t\t\t\t<a class=\"url fn n\" href=\"http:\/\/canals.gob.ar\/index.php\/author\/municipalidadcanals\/\">municipalidadcanals<\/a>\t\t\t<\/span>\r\n\r\n\t\t\t\t\t<\/div>\r\n\r\n\t\t\t\t\t\t\t\t<\/div>\r\n\t\t\t\t\t<\/div>\r\n\t\t\t\t\t\t\t\t<\/div>\r\n\t\t<\/div>\r\n\r\n\t\t\t\t<\/div>\n\t\t\t\t<\/div>\n\t\t\t\t\t\t<\/div>\n\t\t\t\t\t<\/div>\n\t\t<\/div>\n\t\t\t\t\t\t\t\t<\/div>\n\t\t\t\t\t<\/div>\n\t\t<\/section>\n\t\t\t\t\t\t<\/div>\n\t\t\t\t\t\t<\/div>\n\t\t\t\t\t<\/div>\n\t\t","protected":false},"excerpt":{"rendered":"<p>Life Style Eye Make up&nbsp; Mac Extra Dimension Eye Shadow December 12, 2017 TG-Demo Team Comments Off on Mac Extra<\/p>\n","protected":false},"author":1,"featured_media":0,"parent":0,"menu_order":0,"comment_status":"closed","ping_status":"closed","template":"page-templates\/page-builder.php","meta":{"kt_blocks_editor_width":""},"_links":{"self":[{"href":"http:\/\/canals.gob.ar\/index.php\/wp-json\/wp\/v2\/pages\/162"}],"collection":[{"href":"http:\/\/canals.gob.ar\/index.php\/wp-json\/wp\/v2\/pages"}],"about":[{"href":"http:\/\/canals.gob.ar\/index.php\/wp-json\/wp\/v2\/types\/page"}],"author":[{"embeddable":true,"href":"http:\/\/canals.gob.ar\/index.php\/wp-json\/wp\/v2\/users\/1"}],"replies":[{"embeddable":true,"href":"http:\/\/canals.gob.ar\/index.php\/wp-json\/wp\/v2\/comments?post=162"}],"version-history":[{"count":0,"href":"http:\/\/canals.gob.ar\/index.php\/wp-json\/wp\/v2\/pages\/162\/revisions"}],"wp:attachment":[{"href":"http:\/\/canals.gob.ar\/index.php\/wp-json\/wp\/v2\/media?parent=162"}],"curies":[{"name":"wp","href":"https:\/\/api.w.org\/{rel}","templated":true}]}}